{"id":143,"date":"2024-07-13T12:50:55","date_gmt":"2024-07-13T12:50:55","guid":{"rendered":"https:\/\/www.klimabarat.hu\/?post_type=esemeny&#038;p=143"},"modified":"2024-09-13T12:35:02","modified_gmt":"2024-09-13T12:35:02","slug":"life-logos-4-waters-vizgyujto-palyazati-program-roadshow","status":"publish","type":"esemeny","link":"https:\/\/www.klimabarat.hu\/index.php\/esemeny\/life-logos-4-waters-vizgyujto-palyazati-program-roadshow\/","title":{"rendered":"LIFE LOGOS 4 Waters V\u00edzgy\u0171jt\u0151 p\u00e1ly\u00e1zati program &#8211; ROADSHOW"},"content":{"rendered":"\n<div class=\"wp-block-uagb-container uagb-block-104e5f6f alignfull uagb-is-root-container\"><div class=\"uagb-container-inner-blocks-wrap\">\n<div class=\"wp-block-uagb-container uagb-block-ce4f3ce4\">\n<p>A 2023 \u00e1prilis\u00e1ban indult V\u00edzgy\u0171jt\u0151 P\u00e1ly\u00e1zati Programot n\u00e9pszer\u0171s\u00edt\u0151 \u00e9s a term\u00e9szetes v\u00edzmegtart\u00f3 megold\u00e1sokat bemutat\u00f3 roadshow sorozat kezd\u0151dik a LIFE LOGOS 4 Waters projekt partners\u00e9g\u00e9nek r\u00e9szv\u00e9tel\u00e9vel. A p\u00e1ly\u00e1zati program keret\u00e9ben v\u00edzgy\u0171jt\u0151 ter\u00fcletek t\u00e1mogat\u00e1s\u00e1ra lesz lehet\u0151s\u00e9g olyan komplex, v\u00edzgy\u0171jt\u0151 szint\u0171, term\u00e9szetes v\u00edzvisszatart\u00e1son alapul\u00f3 megold\u00e1s m\u0171szaki koncepci\u00f3j\u00e1nak kidolgoz\u00e1s\u00e1ban, amely alapk\u00e9nt szolg\u00e1lhat a j\u00f6v\u0151beli nagyszab\u00e1s\u00fa p\u00e1ly\u00e1zati dokument\u00e1ci\u00f3k \u00f6ssze\u00e1ll\u00edt\u00e1s\u00e1hoz.<\/p>\n\n\n\n<p>A t\u00e1mogat\u00e1si program k\u00f6zvetlen c\u00e9lja, hogy \u00e1tfog\u00f3 szak\u00e9rt\u0151i t\u00e1mogat\u00e1st ny\u00fajtson olyan \u00f6nkorm\u00e1nyzati partners\u00e9geknek, amelyek kor\u00e1bban nem rendelkeztek kapacit\u00e1ssal az ilyen t\u00edpus\u00fa koncepci\u00f3k k\u00f6z\u00f6s kidolgoz\u00e1s\u00e1ra. Ez k\u00fcl\u00f6n\u00f6sen fontos az olyan k\u00f6rnyezeti kih\u00edv\u00e1sok eset\u00e9ben, amelyek csak h\u00e1l\u00f3zatos, integr\u00e1lt megold\u00e1sokkal kezelhet\u0151k, f\u00fcggetlen\u00fcl a k\u00f6zigazgat\u00e1si hat\u00e1rokt\u00f3l. A v\u00edzgy\u0171jt\u0151-t\u00e1mogat\u00e1si program tov\u00e1bbi c\u00e9lja, hogy a nyertes p\u00e1ly\u00e1z\u00f3k sz\u00e1m\u00e1ra kidolgozott koncepci\u00f3kon kereszt\u00fcl orsz\u00e1gszerte el\u0151seg\u00edtse a v\u00edzgy\u0171jt\u0151-szint\u0171 h\u00e1l\u00f3zat\u00e9p\u00edt\u00e9st \u00e9s strat\u00e9giafejleszt\u00e9st.<\/p>\n\n\n\n<p>A roadshow \u00e1llom\u00e1sai:<\/p>\n\n\n\n<ul class=\"wp-block-list\">\n<li>2023.05.25. (cs\u00fct\u00f6rt\u00f6k) 6721 Szeged, Maros utca 1. (Novotel Hotel)<\/li>\n\n\n\n<li>2023.05.31. (szerda) 2890 Tata, Fekete u. 1. (Hotel Gottwald)<\/li>\n\n\n\n<li>2023.06.01. (cs\u00fct\u00f6rt\u00f6k) 2025 Visegr\u00e1d, Panor\u00e1ma \u00fat 2. (Silvanus Hotel Visegr\u00e1d)<\/li>\n\n\n\n<li>2023.06.06. (kedd) 8360 Keszthely, Mikus Gyula s\u00e9t\u00e1ny 5. (Hotel Helikon)<\/li>\n\n\n\n<li>2023.06.08. (cs\u00fct\u00f6rt\u00f6k) 3529 Miskolc, Csabai kapu 8. (City Hotel Miskolc)<\/li>\n\n\n\n<li>2023.06.13. (kedd) 5000 Szolnok, Tisza Ligets\u00e9t\u00e1ny (Garden Hotel Szolnok)<\/li>\n\n\n\n<li>2023.06.15. (cs\u00fct\u00f6rt\u00f6k) 7100 Szeksz\u00e1rd, Kossuth Lajos utca 19. (Hotel Merops)<\/li>\n<\/ul>\n\n\n\n<p>A rendezv\u00e9nyeken t\u00f6rt\u00e9n\u0151 r\u00e9szv\u00e9tel ingyenes, azonban limit\u00e1lt \u00e9s el\u0151zetes elektronikus regisztr\u00e1ci\u00f3hoz k\u00f6t\u00f6tt, melyet az al\u00e1bbi oldalon tal\u00e1lhat\u00f3 online jelentkez\u00e9si lap kit\u00f6lt\u00e9s\u00e9vel tehet meg: <a href=\"https:\/\/em.kulcs.net\/bm\/lifelogos\/?inv=Uen9a35f\" target=\"_blank\" rel=\"noopener noreferrer nofollow\">https:\/\/em.kulcs.net\/bm\/lifelogos\/?inv=Uen9a35f<\/a><\/p>\n\n\n\n<p>A roadshow r\u00e9szletes programja el\u00e9rhet\u0151 itt:<br><a href=\"https:\/\/lifelogos4waters.bm.hu\/...\/orszagjaro-szakmai...\" target=\"_blank\" rel=\"noopener noreferrer nofollow\">https:\/\/lifelogos4waters.bm.hu\/&#8230;\/orszagjaro-szakmai&#8230;<\/a><\/p>\n\n\n\n<p>A p\u00e1ly\u00e1zati program r\u00e9szletei el\u00e9rhet\u0151ek itt:<br><a href=\"https:\/\/klimabarat.hu\/vizgyujto-palyazati-program\" target=\"_blank\" rel=\"noopener noreferrer nofollow\">https:\/\/klimabarat.hu\/vizgyujto-palyazati-program<\/a><\/p>\n\n\n\n<p>Szeretettel v\u00e1runk minden kedves \u00e9rdekl\u0151d\u0151t!<\/p>\n<\/div>\n\n\n\n<div class=\"wp-block-uagb-container uagb-block-1949cd7e\">\n<div class=\"wp-block-uagb-buttons uagb-buttons__outer-wrap uagb-btn__default-btn uagb-btn-tablet__default-btn uagb-btn-mobile__default-btn uagb-block-36a41acf\"><div class=\"uagb-buttons__wrap uagb-buttons-layout-wrap \">\n<div class=\"wp-block-uagb-buttons-child uagb-buttons__outer-wrap uagb-block-4d9680fc wp-block-button\"><div class=\"uagb-button__wrapper\"><a class=\"uagb-buttons-repeater wp-block-button__link\" aria-label=\"\" href=\"https:\/\/em.kulcs.net\/bm\/lifelogos\/?inv=Uen9a35f\" rel=\"follow noopener noreferrer nofollow\" target=\"_blank\" role=\"button\"><div class=\"uagb-button__link\">Regisztr\u00e1lok<\/div><\/a><\/div><\/div>\n<\/div><\/div>\n\n\n\n<div class=\"wp-block-uagb-container uagb-block-42a21cf0\">\n<div class=\"wp-block-uagb-icon-list uagb-block-243011d4\"><div class=\"uagb-icon-list__wrap\">\n<div class=\"wp-block-uagb-icon-list-child uagb-block-682889ca\"><span class=\"uagb-icon-list__source-wrap\"><svg xmlns=\"https:\/\/www.w3.org\/2000\/svg\" viewBox=\"0 0 512 512\"><path d=\"M256 512C114.6 512 0 397.4 0 256C0 114.6 114.6 0 256 0C397.4 0 512 114.6 512 256C512 397.4 397.4 512 256 512zM232 256C232 264 236 271.5 242.7 275.1L338.7 339.1C349.7 347.3 364.6 344.3 371.1 333.3C379.3 322.3 376.3 307.4 365.3 300L280 243.2V120C280 106.7 269.3 96 255.1 96C242.7 96 231.1 106.7 231.1 120L232 256z\"><\/path><\/svg><\/span><span class=\"uagb-icon-list__label\"><strong>Id\u0151pont:<\/strong> 2023. M\u00e1jus-J\u00fanius<\/span><\/div>\n\n\n\n<div class=\"wp-block-uagb-icon-list-child uagb-block-d86cbeb7\"><span class=\"uagb-icon-list__source-wrap\"><svg xmlns=\"https:\/\/www.w3.org\/2000\/svg\" viewBox=\"0 0 384 512\"><path d=\"M168.3 499.2C116.1 435 0 279.4 0 192C0 85.96 85.96 0 192 0C298 0 384 85.96 384 192C384 279.4 267 435 215.7 499.2C203.4 514.5 180.6 514.5 168.3 499.2H168.3zM192 256C227.3 256 256 227.3 256 192C256 156.7 227.3 128 192 128C156.7 128 128 156.7 128 192C128 227.3 156.7 256 192 256z\"><\/path><\/svg><\/span><span class=\"uagb-icon-list__label\"><strong>Helysz\u00edn:<\/strong> Szeged, Tata, Visegr\u00e1d, Keszthely, Miskolc, Szolnok, Szex\u00e1rd<\/span><\/div>\n<\/div><\/div>\n<\/div>\n<\/div>\n<\/div><\/div>\n","protected":false},"featured_media":149,"template":"","meta":{"_acf_changed":false,"_uag_custom_page_level_css":"","_swt_meta_header_display":false,"_swt_meta_footer_display":false,"_swt_meta_site_title_display":false,"_swt_meta_sticky_header":false,"_swt_meta_transparent_header":false},"categories":[],"tags":[],"class_list":["post-143","esemeny","type-esemeny","status-publish","has-post-thumbnail","hentry"],"acf":[],"uagb_featured_image_src":{"full":["https:\/\/www.klimabarat.hu\/wp-content\/uploads\/2024\/07\/pexels-pixabay-355288-scaled.jpg",2560,1707,false],"thumbnail":["https:\/\/www.klimabarat.hu\/wp-content\/uploads\/2024\/07\/pexels-pixabay-355288-150x150.jpg",150,150,true],"medium":["https:\/\/www.klimabarat.hu\/wp-content\/uploads\/2024\/07\/pexels-pixabay-355288-300x200.jpg",300,200,true],"medium_large":["https:\/\/www.klimabarat.hu\/wp-content\/uploads\/2024\/07\/pexels-pixabay-355288-768x512.jpg",768,512,true],"large":["https:\/\/www.klimabarat.hu\/wp-content\/uploads\/2024\/07\/pexels-pixabay-355288-1024x683.jpg",1024,683,true],"1536x1536":["https:\/\/www.klimabarat.hu\/wp-content\/uploads\/2024\/07\/pexels-pixabay-355288-1536x1024.jpg",1536,1024,true],"2048x2048":["https:\/\/www.klimabarat.hu\/wp-content\/uploads\/2024\/07\/pexels-pixabay-355288-2048x1365.jpg",2048,1365,true]},"uagb_author_info":{"display_name":"klimabarat","author_link":"https:\/\/www.klimabarat.hu\/index.php\/author\/"},"uagb_comment_info":0,"uagb_excerpt":"A 2023 \u00e1prilis\u00e1ban indult V\u00edzgy\u0171jt\u0151 P\u00e1ly\u00e1zati Programot n\u00e9pszer\u0171s\u00edt\u0151 \u00e9s a term\u00e9szetes v\u00edzmegtart\u00f3 megold\u00e1sokat bemutat\u00f3 roadshow sorozat kezd\u0151dik a LIFE LOGOS 4 Waters projekt partners\u00e9g\u00e9nek r\u00e9szv\u00e9tel\u00e9vel. A p\u00e1ly\u00e1zati program keret\u00e9ben v\u00edzgy\u0171jt\u0151 ter\u00fcletek t\u00e1mogat\u00e1s\u00e1ra lesz lehet\u0151s\u00e9g olyan komplex, v\u00edzgy\u0171jt\u0151 szint\u0171, term\u00e9szetes v\u00edzvisszatart\u00e1son alapul\u00f3 megold\u00e1s m\u0171szaki koncepci\u00f3j\u00e1nak kidolgoz\u00e1s\u00e1ban, amely alapk\u00e9nt szolg\u00e1lhat a j\u00f6v\u0151beli nagyszab\u00e1s\u00fa p\u00e1ly\u00e1zati dokument\u00e1ci\u00f3k \u00f6ssze\u00e1ll\u00edt\u00e1s\u00e1hoz. A&hellip;","mfb_rest_fields":["uagb_featured_image_src","uagb_author_info","uagb_comment_info","uagb_excerpt"],"_links":{"self":[{"href":"https:\/\/www.klimabarat.hu\/index.php\/wp-json\/wp\/v2\/esemeny\/143"}],"collection":[{"href":"https:\/\/www.klimabarat.hu\/index.php\/wp-json\/wp\/v2\/esemeny"}],"about":[{"href":"https:\/\/www.klimabarat.hu\/index.php\/wp-json\/wp\/v2\/types\/esemeny"}],"wp:featuredmedia":[{"embeddable":true,"href":"https:\/\/www.klimabarat.hu\/index.php\/wp-json\/wp\/v2\/media\/149"}],"wp:attachment":[{"href":"https:\/\/www.klimabarat.hu\/index.php\/wp-json\/wp\/v2\/media?parent=143"}],"wp:term":[{"taxonomy":"category","embeddable":true,"href":"https:\/\/www.klimabarat.hu\/index.php\/wp-json\/wp\/v2\/categories?post=143"},{"taxonomy":"post_tag","embeddable":true,"href":"https:\/\/www.klimabarat.hu\/index.php\/wp-json\/wp\/v2\/tags?post=143"}],"curies":[{"name":"wp","href":"https:\/\/api.w.org\/{rel}","templated":true}]}}