{"id":1114,"date":"2024-12-14T06:15:18","date_gmt":"2024-12-14T06:15:18","guid":{"rendered":"https:\/\/www.klimabarat.hu\/?post_type=hir&#038;p=1114"},"modified":"2024-12-14T06:15:19","modified_gmt":"2024-12-14T06:15:19","slug":"muanyagmentes-julius","status":"publish","type":"hir","link":"https:\/\/www.klimabarat.hu\/index.php\/hir\/muanyagmentes-julius\/","title":{"rendered":"M\u0171anyagmentes j\u00falius"},"content":{"rendered":"\n<p>A \u201ePlastic Free July\u201d. vagyis \u201eA m\u0171anyagmentes j\u00falius\u201d mozgalom c\u00e9lja visszaszor\u00edtani az egyszer haszn\u00e1latos m\u0171anyagok haszn\u00e1lat\u00e1t, ez\u00e1ltal megv\u00e9deni a k\u00f6rnyezet\u00fcnket, a saj\u00e1t eg\u00e9szs\u00e9g\u00fcnket, az \u00e1llat-\u00e9s n\u00f6v\u00e9nyvil\u00e1got, a term\u00e9szetet, \u00e9s egy \u00e9lhet\u0151bb j\u00f6v\u0151t teremteni.<\/p>\n\n\n\n<p>Az egyszer haszn\u00e1latos m\u0171anyagok rendk\u00edv\u00fcl k\u00e1ros hat\u00e1ssal vannak a k\u00f6rnyezetre. Sajnos sz\u00e1mos esetben elker\u00fclhetetlen a haszn\u00e1lata, hiszen az okostelefonokt\u00f3l kezdve az \u00e1ltalunk elfogyasztott \u00e9telben \u00e9s italban is megtal\u00e1lhat\u00f3. Eg\u00e9szs\u00e9g\u00fcgyi \u00e9s k\u00f6rnyezeti kock\u00e1zatait felismerve egyre t\u00f6bb orsz\u00e1g pr\u00f3b\u00e1lja visszaszor\u00edtani ezen anyagok alkalmaz\u00e1s\u00e1t.<\/p>\n\n\n\n<p>A m\u0171anyagmentes \u00e9letm\u00f3d el\u00e9r\u00e9s\u00e9nek \u00e9rdek\u00e9ben c\u00e9lra vezet\u0151 n\u00e9h\u00e1ny szok\u00e1sunkat megv\u00e1ltoztatni. Az al\u00e1bbiakban szeml\u00e9ltetj\u00fck milyen m\u00f3dszerekkel cs\u00f6kkenthet\u0151 az \u00e1ltalunk megtermelt m\u0171anyag szem\u00e9t mennyis\u00e9ge.<\/p>\n\n\n\n<div class=\"wp-block-uagb-image uagb-block-e394c85c wp-block-uagb-image--layout-default wp-block-uagb-image--effect-static wp-block-uagb-image--align-none\"><figure class=\"wp-block-uagb-image__figure\"><img decoding=\"async\" srcset=\"https:\/\/www.klimabarat.hu\/wp-content\/uploads\/2024\/12\/2-1024x1024.jpg ,https:\/\/www.klimabarat.hu\/wp-content\/uploads\/2024\/12\/2.jpg 780w, https:\/\/www.klimabarat.hu\/wp-content\/uploads\/2024\/12\/2.jpg 360w\" sizes=\"(max-width: 480px) 150px\" src=\"https:\/\/www.klimabarat.hu\/wp-content\/uploads\/2024\/12\/2-1024x1024.jpg\" alt=\"\" class=\"uag-image-1115\" width=\"1400\" height=\"1400\" title=\"2\" loading=\"lazy\" role=\"img\"\/><\/figure><\/div>\n\n\n\n<h5 class=\"wp-block-heading\">Gazd\u00e1lkodjunk okosan!<\/h5>\n\n\n\n<p>Az egyik legelterjedtebb m\u00f3dszer a m\u0171anyag csomagol\u00e1s elker\u00fcl\u00e9se. A PET-palackos term\u00e9kek nemcsak a k\u00f6rnyezetre, de az eg\u00e9szs\u00e9g\u00fcnkre is k\u00e1rosak, \u00edgy javasolt ink\u00e1bb az eszt\u00e9tikus kialak\u00edt\u00e1s\u00fa tart\u00f3s \u00fcvegkulacs beszerz\u00e9se. Ha pedig csapv\u00edz helyett m\u00e1sra esne a v\u00e1laszt\u00e1sunk, lehet\u0151s\u00e9g van bet\u00e9td\u00edjas term\u00e9kek fogyaszt\u00e1s\u00e1ra is.<\/p>\n\n\n\n<p>A boltban v\u00e1s\u00e1rolt term\u00e9keket saj\u00e1t v\u00e1szont\u00e1sk\u00e1ba is gy\u0171jthetj\u00fck ahelyett, hogy minden alkalommal \u00faj m\u0171anyagzacsk\u00f3t haszn\u00e1ln\u00e1nk. A h\u00e1l\u00f3s anyagb\u00f3l k\u00e9sz\u00fclt bev\u00e1s\u00e1rl\u00f3 tasakok pedig kifejezetten a gy\u00fcm\u00f6lcs\u00f6k, z\u00f6lds\u00e9gek \u00e9s p\u00e9k\u00e1ruk t\u00e1rol\u00e1s\u00e1ra k\u00e9sz\u00fcltek. Toj\u00e1s v\u00e1s\u00e1rl\u00e1sakor a r\u00e9gi toj\u00e1start\u00f3knak is \u00fajb\u00f3l haszn\u00e1t vehetj\u00fck. De ak\u00e1r a felv\u00e1gottak, a sajt, a tej \u00e9s a tejf\u00f6l is k\u00e9rhet\u0151 az \u00e1ltalunk vitt saj\u00e1t dobozba, \u00fcvegbe vagy palackba. A t\u00e9szt\u00e1kra is l\u00e9tezik olyan alternat\u00edva, ahol kim\u00e9rhetj\u00fck a mennyis\u00e9get, \u00edgy saj\u00e1t csomagol\u00e1st biztos\u00edtva a sz\u00e1ll\u00edt\u00e1shoz.<\/p>\n\n\n\n<p>A vend\u00e9gl\u00e1t\u00f3 egys\u00e9gekben pedig k\u00f6nnyen elker\u00fclhet\u0151 a sz\u00edv\u00f3sz\u00e1lak haszn\u00e1lata, ha visszautas\u00edtjuk \u0151ket.<\/p>\n\n\n\n<p>Aj\u00e1nd\u00e9koz\u00e1skor is c\u00e9lravezet\u0151 k\u00f6rnyezetbar\u00e1t \u00fajrahasznos\u00edtott textilt\u00e1sk\u00e1t vagy pap\u00edrcsomagol\u00e1st v\u00e1lasztani, hiszen a csomagol\u00f3pap\u00edr, aj\u00e1nd\u00e9kt\u00e1ska \u00e9s ragaszt\u00f3szalag haszn\u00e1lat\u00e1nak elker\u00fcl\u00e9s\u00e9vel rengeteg hullad\u00e9k keletkez\u00e9s\u00e9t\u0151l \u00f3vjuk meg bolyg\u00f3nkat.<\/p>\n\n\n\n<h5 class=\"wp-block-heading\">Sz\u00e9ps\u00e9g\u00e1pol\u00e1s<\/h5>\n\n\n\n<p>A fogkef\u00e9k k\u00f6r\u00e9ben elterjedt megold\u00e1s a bambusz fogkefe, azonban eldobhat\u00f3 form\u00e1j\u00e1nak k\u00f6sz\u00f6nhet\u0151en ugyan\u00fagy szem\u00e9t v\u00e1lik bel\u0151le, r\u00e1ad\u00e1sul bambuszt\u00f6rmel\u00e9kb\u0151l van \u00f6sszeragasztva, ez\u00e1ltal nehezen bomlik le. Az ide\u00e1lis megold\u00e1s a cser\u00e9lhet\u0151 fej\u0171 fogkefe, amelyn\u00e9l csak a fejet kell cser\u00e9lni, \u00edgy cs\u00f6kkenthet\u0151 a kidobott m\u0171anyag mennyis\u00e9ge.<\/p>\n\n\n\n<p>A foly\u00e9kony szappanok, tusf\u00fcrd\u0151k helyett pedig \u00e9rdemes szil\u00e1rd szappant alkalmazni. M\u00e1r a sampon is megtal\u00e1lhat\u00f3 szappan form\u00e1j\u00e1ban. Csomagol\u00e1smentes v\u00e1ltozatban is megv\u00e1s\u00e1rolhat\u00f3ak \u00e9s nem szennyezz\u00fck a k\u00f6rnyezetet az elhaszn\u00e1lt m\u0171anyag tart\u00f3kkal \u00e9s flakonokkal.<\/p>\n\n\n\n<p>Az egyszer eldobhat\u00f3 borotv\u00e1kat pedig c\u00e9lszer\u0171 lecser\u00e9lni t\u00f6bbsz\u00f6r haszn\u00e1lhat\u00f3 (cser\u00e9lhet\u0151 peng\u00e9s) v\u00e1ltozatra. Hossz\u00fa t\u00e1von sokkal k\u00f6lts\u00e9ghat\u00e9konyabb \u00e9s ez\u00e1ltal j\u00f3val kevesebb m\u0171anyag borotva ker\u00fcl az \u00f3ce\u00e1nok m\u00e9ly\u00e9re.<\/p>\n\n\n\n<h5 class=\"wp-block-heading\">H\u00e1ztart\u00e1s<\/h5>\n\n\n\n<p>A mos\u00e1s sor\u00e1n keletkezett m\u0171anyag mikrosz\u00e1lak kijut\u00e1s\u00e1t is cs\u00f6kkenthetj\u00fck egy kis odafigyel\u00e9ssel, p\u00e9ld\u00e1ul a szintetikus ruh\u00e1k ker\u00fcl\u00e9s\u00e9vel, kevesebb \u00e9s alacsonyabb h\u0151m\u00e9rs\u00e9kleten val\u00f3 r\u00f6vid idej\u0171 mos\u00e1sokkal. A mos\u00f3szer v\u00e1s\u00e1rl\u00e1s\u00e1hoz sem felt\u00e9tlen sz\u00fcks\u00e9ges m\u0171anyaghullad\u00e9kot termelni, hiszen m\u00e1r l\u00e9teznek olyan \u00fczletek, ahol \u00fajrat\u00f6lthet\u0151 foly\u00e9kony mos\u00f3szert \u00e1rulnak.<\/p>\n\n\n\n<p>A tov\u00e1bbi h\u00e1ztart\u00e1si-\u00e9s takar\u00edt\u00f3szerekn\u00e9l pedig javasolt a koncentr\u00e1lt vegyszerek haszn\u00e1lata, hiszen ar\u00e1nyosan kevesebb csomagol\u00f3anyag sz\u00fcks\u00e9ges hozz\u00e1.<\/p>\n","protected":false},"featured_media":1115,"template":"","meta":{"_acf_changed":false,"_uag_custom_page_level_css":"","_swt_meta_header_display":false,"_swt_meta_footer_display":false,"_swt_meta_site_title_display":false,"_swt_meta_sticky_header":false,"_swt_meta_transparent_header":false},"categories":[],"tags":[],"class_list":["post-1114","hir","type-hir","status-publish","has-post-thumbnail","hentry"],"acf":[],"uagb_featured_image_src":{"full":["https:\/\/www.klimabarat.hu\/wp-content\/uploads\/2024\/12\/2.jpg",1400,1400,false],"thumbnail":["https:\/\/www.klimabarat.hu\/wp-content\/uploads\/2024\/12\/2-150x150.jpg",150,150,true],"medium":["https:\/\/www.klimabarat.hu\/wp-content\/uploads\/2024\/12\/2-300x300.jpg",300,300,true],"medium_large":["https:\/\/www.klimabarat.hu\/wp-content\/uploads\/2024\/12\/2-768x768.jpg",768,768,true],"large":["https:\/\/www.klimabarat.hu\/wp-content\/uploads\/2024\/12\/2-1024x1024.jpg",1024,1024,true],"1536x1536":["https:\/\/www.klimabarat.hu\/wp-content\/uploads\/2024\/12\/2.jpg",1400,1400,false],"2048x2048":["https:\/\/www.klimabarat.hu\/wp-content\/uploads\/2024\/12\/2.jpg",1400,1400,false]},"uagb_author_info":{"display_name":"klimabarat","author_link":"https:\/\/www.klimabarat.hu\/index.php\/author\/"},"uagb_comment_info":0,"uagb_excerpt":"A \u201ePlastic Free July\u201d. vagyis \u201eA m\u0171anyagmentes j\u00falius\u201d mozgalom c\u00e9lja visszaszor\u00edtani az egyszer haszn\u00e1latos m\u0171anyagok haszn\u00e1lat\u00e1t, ez\u00e1ltal megv\u00e9deni a k\u00f6rnyezet\u00fcnket, a saj\u00e1t eg\u00e9szs\u00e9g\u00fcnket, az \u00e1llat-\u00e9s n\u00f6v\u00e9nyvil\u00e1got, a term\u00e9szetet, \u00e9s egy \u00e9lhet\u0151bb j\u00f6v\u0151t teremteni. Az egyszer haszn\u00e1latos m\u0171anyagok rendk\u00edv\u00fcl k\u00e1ros hat\u00e1ssal vannak a k\u00f6rnyezetre. Sajnos sz\u00e1mos esetben elker\u00fclhetetlen a haszn\u00e1lata, hiszen az okostelefonokt\u00f3l kezdve az \u00e1ltalunk&hellip;","mfb_rest_fields":["uagb_featured_image_src","uagb_author_info","uagb_comment_info","uagb_excerpt"],"_links":{"self":[{"href":"https:\/\/www.klimabarat.hu\/index.php\/wp-json\/wp\/v2\/hir\/1114"}],"collection":[{"href":"https:\/\/www.klimabarat.hu\/index.php\/wp-json\/wp\/v2\/hir"}],"about":[{"href":"https:\/\/www.klimabarat.hu\/index.php\/wp-json\/wp\/v2\/types\/hir"}],"wp:featuredmedia":[{"embeddable":true,"href":"https:\/\/www.klimabarat.hu\/index.php\/wp-json\/wp\/v2\/media\/1115"}],"wp:attachment":[{"href":"https:\/\/www.klimabarat.hu\/index.php\/wp-json\/wp\/v2\/media?parent=1114"}],"wp:term":[{"taxonomy":"category","embeddable":true,"href":"https:\/\/www.klimabarat.hu\/index.php\/wp-json\/wp\/v2\/categories?post=1114"},{"taxonomy":"post_tag","embeddable":true,"href":"https:\/\/www.klimabarat.hu\/index.php\/wp-json\/wp\/v2\/tags?post=1114"}],"curies":[{"name":"wp","href":"https:\/\/api.w.org\/{rel}","templated":true}]}}