{"id":83,"date":"2024-07-12T16:56:29","date_gmt":"2024-07-12T16:56:29","guid":{"rendered":"https:\/\/www.klimabarat.hu\/?page_id=83"},"modified":"2024-12-14T09:16:40","modified_gmt":"2024-12-14T09:16:40","slug":"tagtelepulesek","status":"publish","type":"page","link":"https:\/\/www.klimabarat.hu\/index.php\/tagtelepulesek\/","title":{"rendered":"Tagtelep\u00fcl\u00e9sek"},"content":{"rendered":"\n<div class=\"wp-block-uagb-container uagb-block-df87cf47 alignfull uagb-is-root-container\"><\/div>\n\n\n\n<div class=\"wp-block-uagb-container uagb-block-826aecc1 alignwide uagb-is-root-container\">\n<h2 class=\"wp-block-heading has-heading-color has-text-color\" style=\"margin-top:0;margin-bottom:0\">Mi\u00e9rt \u00e9rdemes csatlakozni?<\/h2>\n\n\n\n<div class=\"wp-block-uagb-container uagb-layout-grid uagb-block-f34f241e alignfull uagb-is-root-container\"><div class=\"uagb-container-inner-blocks-wrap\">\n<div class=\"wp-block-uagb-container uagb-layout-flex uagb-block-597df10a\">      \n\t\t\t<div class=\"uagb-icon-wrapper uagb-block-601a076d      \"\n\t\t\tstyle=\"\" >\n\t\t\t\t\t\t\t\t\t<span class=\"uagb-svg-wrapper\" \n\t\t\t\t\t aria-label=\"handshake-simple\"\t\t\t\t\ttabindex=\"0\">\t\t\n\t\t\t\t\t\t\t\t\t\t<svg xmlns=\"https:\/\/www.w3.org\/2000\/svg\" viewBox= \"0 0 640 512\" role=\"graphics-symbol\" aria-hidden=\"false\" aria-label=\"\"><path d=\"M334.6 217.4l-30 27.49C264 282.1 217.8 256.8 202.9 240.6C176 211.2 178.1 165.7 207.3 138.9L289.1 64H282.5C224.7 64 169.1 86.95 128.2 127.8L32 128.1c-17.6 0-32 14.39-32 31.98v159.8c0 17.59 14.4 32.04 31.1 32.04l114.3-.0604l90.5 81.82c27.5 22.37 67.75 18.11 90-9.255l18.12 15.25c15.88 12.1 39.38 10.5 52.38-5.369l31.38-38.6l5.374 4.498c13.75 11 33.88 9.002 45-4.748l9.576-11.83c11.08-13.7 8.979-33.75-4.701-44.86L334.6 217.4zM608 128.1l-96-.1257c-40.98-40.96-96.56-63.88-154.5-63.88L348.9 64c-8 0-15.62 3.197-21.62 8.568L229 162.3C228.9 162.5 228.8 162.7 228.8 162.7C212 178.5 212.4 203.3 226.6 218.7c9.625 10.5 35 21.62 56.13 2.75c0-.125 .25-.125 .375-.25l80-73.1c6.5-5.871 16.62-5.496 22.62 1s5.5 16.62-1 22.62l-26.12 23.87l145.6 118.1c12.12 9.992 19.5 23.49 22.12 37.98L608 351.7c17.6 0 32-14.38 32-31.98V160.1C640 142.4 625.7 128.1 608 128.1z\"><\/path><\/svg>\n\t\t\t\t\t\t\t\t\t<\/span>\n\t\t\t\t\t\t\t<\/div>\n\t\t\t\n\n\n<h5 class=\"wp-block-heading has-text-align-left has-heading-color has-text-color\" style=\"margin-top:0;margin-right:0;margin-bottom:0\"><strong>Partners\u00e9g<\/strong><\/h5>\n\n\n\n<p class=\"has-text-align-left\">Csatlakozzon a Kl\u00edmabar\u00e1t Telep\u00fcl\u00e9sek Sz\u00f6vets\u00e9g\u00e9nek szakmai partners\u00e9g\u00e9hez! Havi h\u00edrlevel\u00fcnkb\u0151l t\u00e1j\u00e9koz\u00f3dhat konferenci\u00e1inkr\u00f3l, szakmai el\u0151ad\u00e1sainkr\u00f3l. Honlapunkon, Facebook-oldalunkon telep\u00fcl\u00e9si kl\u00edmav\u00e9delmi j\u00f3 gyakorlatokat ismerhet meg!<\/p>\n<\/div>\n\n\n\n<div class=\"wp-block-uagb-container uagb-block-6fd51d19\">      \n\t\t\t<div class=\"uagb-icon-wrapper uagb-block-c2e7e3d5      \"\n\t\t\tstyle=\"\" >\n\t\t\t\t\t\t\t\t\t<span class=\"uagb-svg-wrapper\" \n\t\t\t\t\t aria-label=\"calendar\"\t\t\t\t\ttabindex=\"0\">\t\t\n\t\t\t\t\t\t\t\t\t\t<svg xmlns=\"https:\/\/www.w3.org\/2000\/svg\" viewBox= \"0 0 448 512\" role=\"graphics-symbol\" aria-hidden=\"false\" aria-label=\"\"><path d=\"M96 32C96 14.33 110.3 0 128 0C145.7 0 160 14.33 160 32V64H288V32C288 14.33 302.3 0 320 0C337.7 0 352 14.33 352 32V64H400C426.5 64 448 85.49 448 112V160H0V112C0 85.49 21.49 64 48 64H96V32zM448 464C448 490.5 426.5 512 400 512H48C21.49 512 0 490.5 0 464V192H448V464z\"><\/path><\/svg>\n\t\t\t\t\t\t\t\t\t<\/span>\n\t\t\t\t\t\t\t<\/div>\n\t\t\t\n\n\n<h5 class=\"wp-block-heading has-text-align-left has-heading-color has-text-color\" style=\"margin-top:0;margin-right:0;margin-bottom:0\"><strong>Rendezv\u00e9nyek<\/strong><\/h5>\n\n\n\n<p class=\"has-text-align-left\">A Kl\u00edmabar\u00e1t Telep\u00fcl\u00e9sek Sz\u00f6vets\u00e9ge rendszeresen szervez \u00f6nkorm\u00e1nyzati d\u00f6nt\u00e9shoz\u00f3k, szakemberek \u00e9s \u00e9rdekl\u0151d\u0151k sz\u00e1m\u00e1ra szakmai tr\u00e9ningeket. Portf\u00f3li\u00f3nkban szerepelnek kl\u00edmakommunik\u00e1ci\u00f3s tr\u00e9ningek, kl\u00edmastrat\u00e9gia m\u00f3dszertani konzult\u00e1ci\u00f3, valamint particip\u00e1ci\u00f3s \u00e9s lakoss\u00e1gi facilit\u00e1ci\u00f3s k\u00e9pz\u00e9sek.<\/p>\n<\/div>\n\n\n\n<div class=\"wp-block-uagb-container uagb-block-6fac6176\">      \n\t\t\t<div class=\"uagb-icon-wrapper uagb-block-8955de83      \"\n\t\t\tstyle=\"\" >\n\t\t\t\t\t\t\t\t\t<span class=\"uagb-svg-wrapper\" \n\t\t\t\t\t aria-label=\"list\"\t\t\t\t\ttabindex=\"0\">\t\t\n\t\t\t\t\t\t\t\t\t\t<svg xmlns=\"https:\/\/www.w3.org\/2000\/svg\" viewBox= \"0 0 512 512\" role=\"graphics-symbol\" aria-hidden=\"false\" aria-label=\"\"><path d=\"M88 48C101.3 48 112 58.75 112 72V120C112 133.3 101.3 144 88 144H40C26.75 144 16 133.3 16 120V72C16 58.75 26.75 48 40 48H88zM480 64C497.7 64 512 78.33 512 96C512 113.7 497.7 128 480 128H192C174.3 128 160 113.7 160 96C160 78.33 174.3 64 192 64H480zM480 224C497.7 224 512 238.3 512 256C512 273.7 497.7 288 480 288H192C174.3 288 160 273.7 160 256C160 238.3 174.3 224 192 224H480zM480 384C497.7 384 512 398.3 512 416C512 433.7 497.7 448 480 448H192C174.3 448 160 433.7 160 416C160 398.3 174.3 384 192 384H480zM16 232C16 218.7 26.75 208 40 208H88C101.3 208 112 218.7 112 232V280C112 293.3 101.3 304 88 304H40C26.75 304 16 293.3 16 280V232zM88 368C101.3 368 112 378.7 112 392V440C112 453.3 101.3 464 88 464H40C26.75 464 16 453.3 16 440V392C16 378.7 26.75 368 40 368H88z\"><\/path><\/svg>\n\t\t\t\t\t\t\t\t\t<\/span>\n\t\t\t\t\t\t\t<\/div>\n\t\t\t\n\n\n<h5 class=\"wp-block-heading has-text-align-left has-heading-color has-text-color\" style=\"margin-top:0;margin-right:0;margin-bottom:0\"><strong>Szolg\u00e1ltat\u00e1sok<\/strong><\/h5>\n\n\n\n<p class=\"has-text-align-left\">A Kl\u00edmabar\u00e1t Telep\u00fcl\u00e9sek Sz\u00f6vets\u00e9g\u00e9nek szak\u00e9rt\u0151i st\u00e1bja v\u00e1llalja a KTSZ-m\u00f3dszertannak megfelel\u0151 kl\u00edmastrat\u00e9gi\u00e1k, SECAP-ok elk\u00e9sz\u00edt\u00e9s\u00e9t \u00e9s t\u00e1rsadalmas\u00edt\u00e1s\u00e1t. Emellett \u00f6nkorm\u00e1nyzati partnereinket helyi kl\u00edmav\u00e9delmi, k\u00f6rnyezetv\u00e9delmi projektek, kamp\u00e1nyok megval\u00f3s\u00edt\u00e1s\u00e1ban is t\u00e1mogatni tudjuk.<\/p>\n<\/div>\n<\/div><\/div>\n<\/div>\n\n\n\n<div class=\"wp-block-uagb-container uagb-block-e4fb356d default uagb-is-root-container\">\n<h2 class=\"wp-block-heading has-text-align-center has-white-color has-text-color\" style=\"margin-top:0;letter-spacing:-1px\">Iratkozzon fel h\u00edrlevel\u00fcnkre!<\/h2>\n\n\n\n<div class=\"wp-block-uagb-container uagb-block-7e8f887b\">\n<p class=\"has-text-align-center has-white-color has-text-color\">Ha szeretne els\u0151k k\u00f6zt \u00e9rtes\u00fclni rendezv\u00e9nyeinkr\u0151l, p\u00e1ly\u00e1zatokr\u00f3l, esem\u00e9nyekr\u0151l, iratkozzon fel.<\/p>\n\n\n\n<div class=\"wp-block-uagb-separator uagb-block-86f882ba\"><div class=\"uagb-separator-spacing-wrapper\"><div class=\"wp-block-uagb-separator__inner\" style=\"--my-background-image:\"><\/div><\/div><\/div>\n\n\n\n<div class=\"wp-block-uagb-container uagb-block-2ccdf31e\">\n<div id=\"mc_embed_shell\" style=\"max-width: 100%;\">\n    <link href=\"\/\/cdn-images.mailchimp.com\/embedcode\/classic-061523.css\" rel=\"stylesheet\" type=\"text\/css\">\n    <style type=\"text\/css\">\n        #mc_embed_signup {\n            background:#ffffff00;\n            clear: left;\n            \/* font: 14px Helvetica,Arial,sans-serif; *\/\n            max-width: 100%;\n            color: var(--wp--preset--color--white);\n        }\n\n        #mc-embedded-subscribe {\n            background-color: #00000000 !important;\n            font-family: inherit !important;\n            font-size: var(--wp--preset--font-size--small) !important;\n            font-weight: var(--wp--custom--font-weight--medium) !important;\n            line-height: var(--wp--custom--line-height--initial) !important;\n            border-top-left-radius: 30px !important;\n            border-top-right-radius: 30px !important;\n            border-bottom-left-radius: 30px !important;\n            border-bottom-right-radius: 30px !important;\n            border: 1px solid var(--wp--preset--color--white) !important;\n            margin: 0 !important;\n            transition: all 0s ease-in-out 0s !important;\n        }\n\n        #mc-embedded-subscribe:hover {\n            background-color: #ffffff44 !important;\n        }\n        \/* Add your own Mailchimp form style overrides in your site stylesheet or in this style block.\n            We recommend moving this block and the preceding CSS link to the HEAD of your HTML file. *\/\n    <\/style>\n    <div id=\"mc_embed_signup\">\n        <form action=\"https:\/\/klimabarat.us18.list-manage.com\/subscribe\/post?u=8f0a7fa2614fd9b966930faa0&amp;id=ed251121c6&amp;f_id=00bd9de6f0\" method=\"post\" id=\"mc-embedded-subscribe-form\" name=\"mc-embedded-subscribe-form\" class=\"validate\" target=\"_blank\" style=\"margin: 0;\">\n            <!-- <div id=\"mc_embed_signup_scroll\"><h2>Feliratkozom a h\u00edrlev\u00e9lre<\/h2> -->\n            <div class=\"indicates-required\" style=\"margin-right: 0;\">\n                <span class=\"asterisk\">*<\/span> k\u00f6telez\u0151\n            <\/div>\n            <div class=\"mc-field-group\" style=\"width: 100%;\">\n                <label for=\"mce-EMAIL\">E-mail c\u00edm <span class=\"asterisk\">*<\/span><\/label>\n                <input type=\"email\" name=\"EMAIL\" class=\"required email\" id=\"mce-EMAIL\" required=\"\" value=\"\">\n            <\/div>\n            <div id=\"mce-responses\" class=\"clear\">\n                <div class=\"response\" id=\"mce-error-response\" style=\"display: none;\"><\/div>\n                <div class=\"response\" id=\"mce-success-response\" style=\"display: none;\"><\/div>\n            <\/div>\n            <div aria-hidden=\"true\" style=\"position: absolute; left: -5000px;\">\n                <input type=\"text\" name=\"b_8f0a7fa2614fd9b966930faa0_ed251121c6\" tabindex=\"-1\" value=\"\">\n            <\/div>\n            <div class=\"clear\">\n                <input type=\"submit\" name=\"subscribe\" id=\"mc-embedded-subscribe\" class=\"button\" value=\"Feliratkozom\">\n            <\/div>\n        <\/div>\n    <\/form>\n    <\/div>\n    <script type=\"text\/javascript\" src=\"\/\/s3.amazonaws.com\/downloads.mailchimp.com\/js\/mc-validate.js\"><\/script><script type=\"text\/javascript\">(function($) {window.fnames = new Array(); window.ftypes = new Array();fnames[0]='EMAIL';ftypes[0]='email';fnames[1]='FNAME';ftypes[1]='text';fnames[2]='LNAME';ftypes[2]='text';fnames[3]='ADDRESS';ftypes[3]='address';fnames[4]='PHONE';ftypes[4]='phone';fnames[5]='BIRTHDAY';ftypes[5]='birthday';}(jQuery));var $mcj = jQuery.noConflict(true);<\/script>\n<\/div>\n<\/div>\n<\/div>\n<\/div>\n","protected":false},"excerpt":{"rendered":"<p>Mi\u00e9rt \u00e9rdemes csatlakozni? Partners\u00e9g Csatlakozzon a Kl\u00edmabar\u00e1t Telep\u00fcl\u00e9sek Sz\u00f6vets\u00e9g\u00e9nek szakmai partners\u00e9g\u00e9hez! Havi h\u00edrlevel\u00fcnkb\u0151l t\u00e1j\u00e9koz\u00f3dhat konferenci\u00e1inkr\u00f3l, szakmai el\u0151ad\u00e1sainkr\u00f3l. Honlapunkon, Facebook-oldalunkon telep\u00fcl\u00e9si kl\u00edmav\u00e9delmi j\u00f3 gyakorlatokat ismerhet meg! Rendezv\u00e9nyek A Kl\u00edmabar\u00e1t Telep\u00fcl\u00e9sek Sz\u00f6vets\u00e9ge rendszeresen szervez \u00f6nkorm\u00e1nyzati d\u00f6nt\u00e9shoz\u00f3k, szakemberek \u00e9s \u00e9rdekl\u0151d\u0151k sz\u00e1m\u00e1ra szakmai tr\u00e9ningeket. Portf\u00f3li\u00f3nkban szerepelnek kl\u00edmakommunik\u00e1ci\u00f3s tr\u00e9ningek, kl\u00edmastrat\u00e9gia m\u00f3dszertani konzult\u00e1ci\u00f3, valamint particip\u00e1ci\u00f3s \u00e9s lakoss\u00e1gi facilit\u00e1ci\u00f3s k\u00e9pz\u00e9sek. Szolg\u00e1ltat\u00e1sok A [&hellip;]<\/p>\n","protected":false},"author":2,"featured_media":0,"parent":0,"menu_order":0,"comment_status":"closed","ping_status":"closed","template":"","meta":{"_acf_changed":false,"_uag_custom_page_level_css":"","_swt_meta_header_display":false,"_swt_meta_footer_display":false,"_swt_meta_site_title_display":false,"_swt_meta_sticky_header":false,"_swt_meta_transparent_header":false,"footnotes":""},"class_list":["post-83","page","type-page","status-publish","hentry"],"acf":[],"uagb_featured_image_src":{"full":false,"thumbnail":false,"medium":false,"medium_large":false,"large":false,"1536x1536":false,"2048x2048":false},"uagb_author_info":{"display_name":"klimabarat","author_link":"https:\/\/www.klimabarat.hu\/index.php\/author\/klimabarat\/"},"uagb_comment_info":0,"uagb_excerpt":"Mi\u00e9rt \u00e9rdemes csatlakozni? Partners\u00e9g Csatlakozzon a Kl\u00edmabar\u00e1t Telep\u00fcl\u00e9sek Sz\u00f6vets\u00e9g\u00e9nek szakmai partners\u00e9g\u00e9hez! Havi h\u00edrlevel\u00fcnkb\u0151l t\u00e1j\u00e9koz\u00f3dhat konferenci\u00e1inkr\u00f3l, szakmai el\u0151ad\u00e1sainkr\u00f3l. Honlapunkon, Facebook-oldalunkon telep\u00fcl\u00e9si kl\u00edmav\u00e9delmi j\u00f3 gyakorlatokat ismerhet meg! Rendezv\u00e9nyek A Kl\u00edmabar\u00e1t Telep\u00fcl\u00e9sek Sz\u00f6vets\u00e9ge rendszeresen szervez \u00f6nkorm\u00e1nyzati d\u00f6nt\u00e9shoz\u00f3k, szakemberek \u00e9s \u00e9rdekl\u0151d\u0151k sz\u00e1m\u00e1ra szakmai tr\u00e9ningeket. Portf\u00f3li\u00f3nkban szerepelnek kl\u00edmakommunik\u00e1ci\u00f3s tr\u00e9ningek, kl\u00edmastrat\u00e9gia m\u00f3dszertani konzult\u00e1ci\u00f3, valamint particip\u00e1ci\u00f3s \u00e9s lakoss\u00e1gi facilit\u00e1ci\u00f3s k\u00e9pz\u00e9sek. Szolg\u00e1ltat\u00e1sok A&hellip;","mfb_rest_fields":["uagb_featured_image_src","uagb_author_info","uagb_comment_info","uagb_excerpt"],"_links":{"self":[{"href":"https:\/\/www.klimabarat.hu\/index.php\/wp-json\/wp\/v2\/pages\/83"}],"collection":[{"href":"https:\/\/www.klimabarat.hu\/index.php\/wp-json\/wp\/v2\/pages"}],"about":[{"href":"https:\/\/www.klimabarat.hu\/index.php\/wp-json\/wp\/v2\/types\/page"}],"author":[{"embeddable":true,"href":"https:\/\/www.klimabarat.hu\/index.php\/wp-json\/wp\/v2\/users\/2"}],"replies":[{"embeddable":true,"href":"https:\/\/www.klimabarat.hu\/index.php\/wp-json\/wp\/v2\/comments?post=83"}],"version-history":[{"count":6,"href":"https:\/\/www.klimabarat.hu\/index.php\/wp-json\/wp\/v2\/pages\/83\/revisions"}],"predecessor-version":[{"id":1192,"href":"https:\/\/www.klimabarat.hu\/index.php\/wp-json\/wp\/v2\/pages\/83\/revisions\/1192"}],"wp:attachment":[{"href":"https:\/\/www.klimabarat.hu\/index.php\/wp-json\/wp\/v2\/media?parent=83"}],"curies":[{"name":"wp","href":"https:\/\/api.w.org\/{rel}","templated":true}]}}