{"id":91,"date":"2024-07-12T17:02:40","date_gmt":"2024-07-12T17:02:40","guid":{"rendered":"https:\/\/www.klimabarat.hu\/?post_type=palyazat&#038;p=91"},"modified":"2024-09-13T12:38:58","modified_gmt":"2024-09-13T12:38:58","slug":"klimabarat-dij","status":"publish","type":"palyazat","link":"https:\/\/www.klimabarat.hu\/index.php\/palyazat\/klimabarat-dij\/","title":{"rendered":"Kl\u00edmabar\u00e1t D\u00edj"},"content":{"rendered":"\n<div class=\"wp-block-uagb-container uagb-block-527016a1 alignfull uagb-is-root-container\"><div class=\"uagb-container-inner-blocks-wrap\">\n<h5 class=\"wp-block-heading\">A P\u00c1LY\u00c1ZAT C\u00c9LJA:<\/h5>\n\n\n\n<p>Olyan, m\u00e1r megl\u00e9v\u0151 j\u00f3 gyakorlatokkal, p\u00e9ldamutat\u00f3 \u00f6tletekkel, int\u00e9zked\u00e9sekkel rendelkez\u0151 telep\u00fcl\u00e9sek d\u00edjaz\u00e1sa, t\u00e1mogat\u00e1sa \u00e9s n\u00e9pszer\u0171s\u00edt\u00e9se, akiknek fontos a k\u00f6rnyezet\u00fckben fellelhet\u0151 term\u00e9szeti er\u0151forr\u00e1sok fenntarthat\u00f3 haszn\u00e1lata, a kl\u00edmatudatoss\u00e1g, valamint telep\u00fcl\u00e9si gyakorlataik el\u0151seg\u00edtik a kl\u00edmav\u00e1ltoz\u00e1s megel\u0151z\u00e9s\u00e9t, illet\u0151leg a kl\u00edmav\u00e1ltoz\u00e1shoz val\u00f3 alkalmazkod\u00e1st.<\/p>\n\n\n\n<p><strong>Nevez\u00e9si d\u00edj nincs.<\/strong><\/p>\n\n\n\n<p><strong>A p\u00e1ly\u00e1z\u00f3 \u00f6nkorm\u00e1nyzatok<\/strong>&nbsp;olyan kl\u00edmatudatos, a fenntarthat\u00f3 fejl\u0151d\u00e9s gyakorlati megval\u00f3s\u00edt\u00e1sa ir\u00e1nt elk\u00f6telezett telep\u00fcl\u00e9sek, amelyek m\u00e1r rendelkeznek p\u00e9lda\u00e9rt\u00e9k\u0171 j\u00f3 gyakorlatokkal, int\u00e9zked\u00e9sekkel, beruh\u00e1z\u00e1sokkal vagy strat\u00e9gi\u00e1kkal. Tev\u00e9kenys\u00e9g\u00fck hozz\u00e1j\u00e1rul a fenntarthat\u00f3 fejl\u0151d\u00e9shez, a term\u00e9szeti er\u0151forr\u00e1sok fenntarthat\u00f3 haszn\u00e1lat\u00e1hoz, ez\u00e1ltal term\u00e9szeti \u00f6r\u00f6ks\u00e9geink meg\u0151rz\u00e9s\u00e9hez.<\/p>\n\n\n\n<h5 class=\"wp-block-heading\">P\u00c1LY\u00c1ZATI DOKUMENTUMOK:<\/h5>\n\n\n\n<p>A&nbsp;p\u00e1ly\u00e1zat beny\u00fajt\u00e1s\u00e1hoz az al\u00e1bbi dokumentumok bek\u00fcld\u00e9se sz\u00fcks\u00e9ges:<\/p>\n\n\n\n<ul class=\"wp-block-list\">\n<li>Al\u00e1\u00edrt, szkennelt jelentkez\u00e9si lap<\/li>\n\n\n\n<li>Hi\u00e1nytalanul kit\u00f6lt\u00f6tt online p\u00e1ly\u00e1zati \u0171rlap.<\/li>\n\n\n\n<li>Az online p\u00e1ly\u00e1zati \u0171rlaphoz internetes hivatkoz\u00e1s form\u00e1j\u00e1ban csatoland\u00f3k a p\u00e1ly\u00e1zat szempontj\u00e1b\u00f3l relev\u00e1ns dokumentumok.<\/li>\n<\/ul>\n\n\n\n<p>A p\u00e1ly\u00e1z\u00f3k \u00e1ltal megk\u00fcld\u00f6tt szem\u00e9lyes adatokat tartalmaz\u00f3 dokumentumokat sz\u00f6vets\u00e9g\u00fcnk az adatkezel\u00e9si jogszab\u00e1lyoknak megfelel\u0151en kezeli<\/p>\n\n\n\n<h5 class=\"wp-block-heading\">A P\u00c1LY\u00c1ZATI \u0170RLAP KIT\u00d6LT\u00c9SE \u00c9S T\u00c9MAK\u00d6REI:<\/h5>\n\n\n\n<p>Az \u0171rlap feleletv\u00e1laszt\u00f3s \u00e9s kifejtend\u0151 k\u00e9rd\u00e9seket (kb. 1000-2000 karakter terjedelemben) tartalmaz.<br>Az \u0171rlap a folyamatban l\u00e9v\u0151 kit\u00f6lt\u00e9seket nem tudja t\u00e1rolni, ez\u00e9rt javasoljuk, hogy a v\u00e1laszad\u00e1st a p\u00e1ly\u00e1z\u00f3 \u00f6nkorm\u00e1nyzatok egy \u00fctemben t\u00f6lts\u00e9k ki. A k\u00e9rd\u00e9sek jellemz\u0151en a p\u00e1ly\u00e1z\u00f3 telep\u00fcl\u00e9s elm\u00falt h\u00e1rom \u00e9vben (2020-2023) el\u00e9rt eredm\u00e9nyeire f\u00f3kusz\u00e1lnak.<\/p>\n\n\n\n<p><strong>A Kl\u00edmabar\u00e1t D\u00edj 2023 online p\u00e1ly\u00e1zati \u0171rlap az al\u00e1bbi t\u00e9mak\u00f6r\u00f6ket \u00e9rinti<\/strong>:<\/p>\n\n\n\n<ul class=\"wp-block-list\">\n<li>\u00c9ghajlatv\u00e9delem, kl\u00edmastrat\u00e9gia<\/li>\n\n\n\n<li>SEAP, SECAP akci\u00f3terv<\/li>\n\n\n\n<li>Meg\u00fajul\u00f3 energia, \u00e9p\u00fcletenergetikai beruh\u00e1z\u00e1sok<\/li>\n\n\n\n<li>Kl\u00edmatudatoss\u00e1gi kamp\u00e1ny<\/li>\n\n\n\n<li>Energiahat\u00e9konys\u00e1gi kamp\u00e1ny<\/li>\n\n\n\n<li>\u00c9ghajlatv\u00e9delmi, k\u00f6rnyezetv\u00e9delmi alap<\/li>\n\n\n\n<li>Energiahat\u00e9konys\u00e1gi, meg\u00fajul\u00f3 energetikai beruh\u00e1z\u00e1sok<\/li>\n\n\n\n<li>Energia audit<\/li>\n\n\n\n<li>Kl\u00edmaadapt\u00e1ci\u00f3s beruh\u00e1z\u00e1sok<\/li>\n\n\n\n<li>Energiahat\u00e9konys\u00e1gi szak\u00e9rt\u0151i munkak\u00f6r az \u00f6nkorm\u00e1nyzatn\u00e1l<\/li>\n\n\n\n<li>Civil kapcsolatok<\/li>\n\n\n\n<li>Kommunik\u00e1ci\u00f3<\/li>\n<\/ul>\n\n\n\n<p><strong>Kl\u00edmabar\u00e1t D\u00edj-\u201eZ\u00f6ld Infrastrukt\u00fara 2023\u201d online p\u00e1ly\u00e1zati \u0171rlap az al\u00e1bbi t\u00e9mak\u00f6r\u00f6ket \u00e9rinti<\/strong>:<\/p>\n\n\n\n<ul class=\"wp-block-list\">\n<li>z\u00f6ldfel\u00fcleti fejleszt\u00e9sek<\/li>\n\n\n\n<li>z\u00f6ld infrastruktur\u00e1lis programok<\/li>\n\n\n\n<li>A kl\u00edmabar\u00e1t fejleszt\u00e9sekkel kapcsolatos szervezeti strukt\u00fara<\/li>\n\n\n\n<li>A kl\u00edmabar\u00e1t fejleszt\u00e9sekkel kapcsolatos t\u00e1rsadalmi bevon\u00e1s, t\u00e1rsadalmas\u00edt\u00e1s folyamatai, l\u00e9p\u00e9sei<\/li>\n<\/ul>\n\n\n\n<p><strong>Kl\u00edmabar\u00e1t D\u00edj-\u201eK\u00c9K Infrastrukt\u00fara 2023\u201d online p\u00e1ly\u00e1zati \u0171rlap az al\u00e1bbi t\u00e9mak\u00f6r\u00f6ket \u00e9rinti<\/strong>:<\/p>\n\n\n\n<ul class=\"wp-block-list\">\n<li>term\u00e9szetalap\u00fa v\u00edzmegtart\u00f3 megold\u00e1sok<\/li>\n\n\n\n<li>A kl\u00edmabar\u00e1t fejleszt\u00e9sekkel kapcsolatos szervezeti strukt\u00fara<\/li>\n\n\n\n<li>A kl\u00edmabar\u00e1t fejleszt\u00e9sekkel kapcsolatos t\u00e1rsadalmi bevon\u00e1s, t\u00e1rsadalmas\u00edt\u00e1s folyamatai, l\u00e9p\u00e9sei<\/li>\n<\/ul>\n\n\n\n<h5 class=\"wp-block-heading\">A BENY\u00daJTOTT P\u00c1LY\u00c1ZATOK \u00c9RT\u00c9KEL\u00c9SE:<\/h5>\n\n\n\n<p>A p\u00e1ly\u00e1zatokat a Kl\u00edmabar\u00e1t D\u00edj 2023 ki\u00edr\u00e1s eset\u00e9n Kl\u00edmabar\u00e1t Telep\u00fcl\u00e9sek Sz\u00f6vets\u00e9ge \u00e1ltal felk\u00e9rt \u00f6t tag\u00fa szak\u00e9rt\u0151kb\u0151l \u00e1ll\u00f3 d\u00f6nt\u0151bizotts\u00e1g \u00e9rt\u00e9keli \u00e9s b\u00edr\u00e1lja el.&nbsp; A Kl\u00edmabar\u00e1t D\u00edj- \u201eZ\u00f6ld Infrastrukt\u00fara 2023\u201d \u00e9s a Kl\u00edmabar\u00e1t D\u00edj- K\u00c9K Infrastrukt\u00fara 2023 d\u00edjak eset\u00e9n pedig a Kl\u00edmabar\u00e1t Telep\u00fcl\u00e9sek Sz\u00f6vets\u00e9ge \u00e1ltal felk\u00e9rt h\u00e1rom tag\u00fa szak\u00e9rt\u0151kb\u0151l \u00e1ll\u00f3 d\u00f6nt\u0151bizotts\u00e1g \u00e9rt\u00e9keli \u00e9s b\u00edr\u00e1lja el.<br>A p\u00e1ly\u00e1zatok elb\u00edr\u00e1l\u00e1sa pontoz\u00e1s alapj\u00e1n t\u00f6rt\u00e9nik. Az elb\u00edr\u00e1l\u00e1s alapvet\u0151 szempontjai:<\/p>\n\n\n\n<ul class=\"wp-block-list\">\n<li>A p\u00e1ly\u00e1z\u00f3 \u00f6nkorm\u00e1nyzat mennyire j\u00e1rul hozz\u00e1 a kl\u00edmatudatos, k\u00f6rnyezetbar\u00e1t telep\u00fcl\u00e9si beruh\u00e1z\u00e1sok \u00f6szt\u00f6nz\u00e9s\u00e9hez, a kl\u00edma- \u00e9s term\u00e9szetbar\u00e1t int\u00e9zked\u00e9sek n\u00e9pszer\u0171s\u00edt\u00e9s\u00e9hez, az ehhez illeszked\u0151 projektek t\u00e1mogat\u00e1s\u00e1hoz \u00e9s a fenntarthat\u00f3 fejl\u0151d\u00e9shez<\/li>\n\n\n\n<li>A p\u00e1ly\u00e1z\u00f3 \u00f6nkorm\u00e1nyzat az int\u00e9zked\u00e9seivel milyen m\u00e9rt\u00e9kben j\u00e1rul hozz\u00e1 a helyi lakosok k\u00f6rnyezeti k\u00f6r\u00fclm\u00e9nyeinek jav\u00edt\u00e1s\u00e1hoz (pl. leveg\u0151tisztas\u00e1ghoz, energiahat\u00e9kony f\u0171t\u00e9shez, stb).<\/li>\n\n\n\n<li>A p\u00e1ly\u00e1z\u00f3 \u00f6nkorm\u00e1nyzat mennyire j\u00e1rul hozz\u00e1 a telep\u00fcl\u00e9sen tal\u00e1lhat\u00f3 term\u00e9szeti k\u00f6rnyezet \u00e9s az ezzel kapcsolatos \u00e9rt\u00e9kek fenntarthat\u00f3 hasznos\u00edt\u00e1s\u00e1hoz, meg\u0151rz\u00e9s\u00e9hez. (pl. k\u00f6z\u00f6ss\u00e9gi kertek, biogazd\u00e1lkod\u00e1s, helyi termel\u0151k t\u00e1mogat\u00e1sa stb.)<\/li>\n<\/ul>\n\n\n\n<h5 class=\"wp-block-heading\"><strong>A LEGT\u00d6BB PONTOT EL\u00c9RT P\u00c1LY\u00c1Z\u00d3K D\u00cdJAZ\u00c1SA \u00c9S \u00c9RTES\u00cdT\u00c9SE:<\/strong><\/h5>\n\n\n\n<ul class=\"wp-block-list\">\n<li>Egy szabadt\u00e9ren elhelyezhet\u0151 \u00fcvegplakett, illetve egy belt\u00e9ren kihelyezhet\u0151 fa plakett.<\/li>\n\n\n\n<li>A Kl\u00edmabar\u00e1t Telep\u00fcl\u00e9sek Sz\u00f6vets\u00e9g\u00e9nek kommunik\u00e1ci\u00f3s fel\u00fcletein (honlap, Facebook, Instagram, h\u00edrlev\u00e9l), valamint szakmai rendezv\u00e9nyein val\u00f3 megjelen\u00e9s.<\/li>\n\n\n\n<li>R\u00e9szv\u00e9tel a 2024 janu\u00e1ri \u00fcnnep\u00e9lyes d\u00edj\u00e1tad\u00f3 konferenci\u00e1n Budapesten.<\/li>\n<\/ul>\n\n\n\n<p>A nyertes \u00f6nkorm\u00e1nyzatokat elektronikus \u00faton \u00e9rtes\u00edtj\u00fck a d\u00edj\u00e1tad\u00f3 pontos r\u00e9szleteir\u0151l.<br><\/p>\n\n\n\n<p><strong>Az \u00fcnnep\u00e9lyes d\u00edj\u00e1tad\u00f3 tervezetten 2024 janu\u00e1rj\u00e1ban ker\u00fcl megtart\u00e1sra Budapesten.<\/strong><\/p>\n\n\n\n<h5 class=\"wp-block-heading\"><strong>A P\u00c1LY\u00c1ZAT BENY\u00daJT\u00c1S\u00c1NAK M\u00d3DJA \u00c9S HAT\u00c1RIDEJE<\/strong>:<\/h5>\n\n\n\n<p>A nyomtatand\u00f3 jelentkez\u00e9si lap \u00e9s az online p\u00e1ly\u00e1zati \u0171rlap megtal\u00e1lhat\u00f3 az al\u00e1bbi linken:<br><a href=\"http:\/\/www.klimabarat.hu\/klimabarat-dij\" target=\"_blank\" rel=\"noreferrer noopener\"><strong>http:\/\/www.klimabarat.hu\/klimabarat-dij<\/strong><\/a>. Az al\u00e1\u00edrt, beszkennelt jelentkez\u00e9si lap az online p\u00e1ly\u00e1zati \u0171rlapra t\u00f6lthet\u0151 fel. A p\u00e1ly\u00e1zatot v\u00e9gleges\u00edteni a P\u00e1ly\u00e1z\u00f3k az online p\u00e1ly\u00e1zati \u0171rlap bek\u00fcld\u00e9s\u00e9vel tudj\u00e1k.<\/p>\n\n\n\n<p><strong>FIGYELEM A KL\u00cdMABAR\u00c1T D\u00cdJ 2023 P\u00c1YL\u00c1ZAT ESET\u00c9N 5000 F\u0150 LAKOSS\u00c1GSZ\u00c1M ALATT M\u00c1S \u0170RLAP T\u00d6LTEND\u0150 KI, MINT A 5000 F\u0150N\u00c9L N\u00c9PESEBB TELEP\u00dcL\u00c9SEK ESET\u00c9N!<\/strong><\/p>\n\n\n\n<h5 class=\"wp-block-heading\"><strong>KI NY\u00daJTHAT BE P\u00c1LY\u00c1ZATOT<\/strong>?<\/h5>\n\n\n\n<ul class=\"wp-block-list\">\n<li><strong>A Kl\u00edmabar\u00e1t D\u00edj 2023&nbsp;<\/strong>p\u00e1ly\u00e1zat eset\u00e9n minden magyarorsz\u00e1gi telep\u00fcl\u00e9si \u00f6nkorm\u00e1nyzat, kiv\u00e9ve a Kl\u00edmabar\u00e1t D\u00edj 2021 ki\u00edr\u00e1s nyertes \u00f6nkorm\u00e1nyzatai.<\/li>\n\n\n\n<li><strong>A Kl\u00edmabar\u00e1t D\u00edj-\u201eZ\u00f6ld Infrastrukt\u00fara 2023\u201d&nbsp;<\/strong>p\u00e1ly\u00e1zat eset\u00e9n minden magyarorsz\u00e1gi telep\u00fcl\u00e9si \u00f6nkorm\u00e1nyzat<\/li>\n\n\n\n<li><strong>A Kl\u00edmabar\u00e1t D\u00edj-\u201eK\u00e9k Infrastrukt\u00fara 2023\u201d&nbsp;<\/strong>p\u00e1ly\u00e1zat eset\u00e9n minden magyarorsz\u00e1gi telep\u00fcl\u00e9si \u00f6nkorm\u00e1nyzat<\/li>\n<\/ul>\n\n\n\n<p>Esetleges k\u00e9rd\u00e9seikkel, k\u00e9rj\u00fck keress\u00e9k koll\u00e9g\u00e1inkat az&nbsp;<a href=\"mailto:info@klimabarat.hu\">info@klimabarat.hu<\/a>&nbsp;c\u00edmen.<\/p>\n\n\n\n<p>A p\u00e1ly\u00e1zatok beny\u00fajt\u00e1si hat\u00e1rideje:&nbsp;<strong>2023. okt\u00f3ber 31.<\/strong><\/p>\n<\/div><\/div>\n\n\n\n<div class=\"wp-block-uagb-separator uagb-block-ae17114c\"><div class=\"uagb-separator-spacing-wrapper\"><div class=\"wp-block-uagb-separator__inner\" style=\"--my-background-image:\"><\/div><\/div><\/div>\n","protected":false},"featured_media":279,"template":"","meta":{"_acf_changed":false,"_uag_custom_page_level_css":"","_swt_meta_header_display":false,"_swt_meta_footer_display":false,"_swt_meta_site_title_display":false,"_swt_meta_sticky_header":false,"_swt_meta_transparent_header":false},"categories":[],"tags":[],"class_list":["post-91","palyazat","type-palyazat","status-publish","has-post-thumbnail","hentry"],"acf":[],"uagb_featured_image_src":{"full":["https:\/\/www.klimabarat.hu\/wp-content\/uploads\/2024\/07\/pexels-guillaume-falco-1112556-2229887-scaled.jpg",2560,1920,false],"thumbnail":["https:\/\/www.klimabarat.hu\/wp-content\/uploads\/2024\/07\/pexels-guillaume-falco-1112556-2229887-150x150.jpg",150,150,true],"medium":["https:\/\/www.klimabarat.hu\/wp-content\/uploads\/2024\/07\/pexels-guillaume-falco-1112556-2229887-300x225.jpg",300,225,true],"medium_large":["https:\/\/www.klimabarat.hu\/wp-content\/uploads\/2024\/07\/pexels-guillaume-falco-1112556-2229887-768x576.jpg",768,576,true],"large":["https:\/\/www.klimabarat.hu\/wp-content\/uploads\/2024\/07\/pexels-guillaume-falco-1112556-2229887-1024x768.jpg",1024,768,true],"1536x1536":["https:\/\/www.klimabarat.hu\/wp-content\/uploads\/2024\/07\/pexels-guillaume-falco-1112556-2229887-1536x1152.jpg",1536,1152,true],"2048x2048":["https:\/\/www.klimabarat.hu\/wp-content\/uploads\/2024\/07\/pexels-guillaume-falco-1112556-2229887-2048x1536.jpg",2048,1536,true]},"uagb_author_info":{"display_name":"klimabarat","author_link":"https:\/\/www.klimabarat.hu\/index.php\/author\/"},"uagb_comment_info":0,"uagb_excerpt":"A P\u00c1LY\u00c1ZAT C\u00c9LJA: Olyan, m\u00e1r megl\u00e9v\u0151 j\u00f3 gyakorlatokkal, p\u00e9ldamutat\u00f3 \u00f6tletekkel, int\u00e9zked\u00e9sekkel rendelkez\u0151 telep\u00fcl\u00e9sek d\u00edjaz\u00e1sa, t\u00e1mogat\u00e1sa \u00e9s n\u00e9pszer\u0171s\u00edt\u00e9se, akiknek fontos a k\u00f6rnyezet\u00fckben fellelhet\u0151 term\u00e9szeti er\u0151forr\u00e1sok fenntarthat\u00f3 haszn\u00e1lata, a kl\u00edmatudatoss\u00e1g, valamint telep\u00fcl\u00e9si gyakorlataik el\u0151seg\u00edtik a kl\u00edmav\u00e1ltoz\u00e1s megel\u0151z\u00e9s\u00e9t, illet\u0151leg a kl\u00edmav\u00e1ltoz\u00e1shoz val\u00f3 alkalmazkod\u00e1st. Nevez\u00e9si d\u00edj nincs. A p\u00e1ly\u00e1z\u00f3 \u00f6nkorm\u00e1nyzatok&nbsp;olyan kl\u00edmatudatos, a fenntarthat\u00f3 fejl\u0151d\u00e9s gyakorlati megval\u00f3s\u00edt\u00e1sa ir\u00e1nt elk\u00f6telezett telep\u00fcl\u00e9sek,&hellip;","mfb_rest_fields":["uagb_featured_image_src","uagb_author_info","uagb_comment_info","uagb_excerpt"],"_links":{"self":[{"href":"https:\/\/www.klimabarat.hu\/index.php\/wp-json\/wp\/v2\/palyazat\/91"}],"collection":[{"href":"https:\/\/www.klimabarat.hu\/index.php\/wp-json\/wp\/v2\/palyazat"}],"about":[{"href":"https:\/\/www.klimabarat.hu\/index.php\/wp-json\/wp\/v2\/types\/palyazat"}],"wp:featuredmedia":[{"embeddable":true,"href":"https:\/\/www.klimabarat.hu\/index.php\/wp-json\/wp\/v2\/media\/279"}],"wp:attachment":[{"href":"https:\/\/www.klimabarat.hu\/index.php\/wp-json\/wp\/v2\/media?parent=91"}],"wp:term":[{"taxonomy":"category","embeddable":true,"href":"https:\/\/www.klimabarat.hu\/index.php\/wp-json\/wp\/v2\/categories?post=91"},{"taxonomy":"post_tag","embeddable":true,"href":"https:\/\/www.klimabarat.hu\/index.php\/wp-json\/wp\/v2\/tags?post=91"}],"curies":[{"name":"wp","href":"https:\/\/api.w.org\/{rel}","templated":true}]}}